{"id":2530,"date":"2025-09-22T12:58:08","date_gmt":"2025-09-22T10:58:08","guid":{"rendered":"https:\/\/www.laverna.it\/iniziativa\/en-camino-con-francisco\/"},"modified":"2026-03-02T17:46:20","modified_gmt":"2026-03-02T16:46:20","slug":"en-camino-con-francisco","status":"publish","type":"nectar_portfolio","link":"https:\/\/www.laverna.it\/es\/iniziativa\/en-camino-con-francisco\/","title":{"rendered":"En camino con Francisco"},"content":{"rendered":"\n<div class=\"wp-block-nectar-blocks-row alignfull nectar-block nectar-blocks-row nectar-blocks-row__inner nectar-blocks-row__wrapper parent-block-block-5WeVfFDTaL\" id=\"block-5WeVfFDTaL\"><style id=\"nectar-blocks-column-css\">.wp-block{opacity:1}.nectar-blocks-column{min-width:0;position:relative;transition:all .25s ease}.nectar-blocks-column>a{color:inherit}.nectar-blocks-column.nectar-blocks-column__content-wrap{height:auto}.nectar-blocks-column.nectar-l1{box-sizing:border-box;display:flex;flex-direction:column;width:100%}.nectar-blocks-column.nectar-l3>.nectar-blocks-column__wrapper>.nectar-blocks-column__inner{position:static}.nectar-blocks-column.nectar-l3>.nectar-blocks-column__wrapper:has(>.nectar__bg-layers>*){z-index:0}.nectar-blocks-column.nectar-l3>.nectar-blocks-column__wrapper:has(>.nectar__bg-layers>*)>.nectar__bg-layers{z-index:-1}.nectar-blocks-column .nectar-blocks-text{margin-bottom:0}.nectar-blocks-column__wrapper{height:100%;min-height:inherit;position:relative;transition:all .25s ease}.nectar-blocks-column__wrapper>.nectar__bg-layers{border-radius:inherit;transition:none}.nectar-blocks-column__inner{box-sizing:border-box;min-height:inherit;position:relative;width:100%}.nectar-blocks-column__inner>h1,.nectar-blocks-column__inner>h2,.nectar-blocks-column__inner>h3,.nectar-blocks-column__inner>h4,.nectar-blocks-column__inner>h5,.nectar-blocks-column__inner>h6,.nectar-blocks-column__inner>p{margin-bottom:0}.nectar-blocks-column__content-wrap{display:flex;flex-direction:column;height:100%;min-height:inherit;width:100%}.nectar-blocks-column__link-overlay{background:#0000;color:inherit;display:block;inset:0;position:absolute;z-index:10}\n<\/style>\n<div class=\"wp-block-nectar-blocks-column nectar-blocks-column nectar-block\" id=\"block-1CNFZk0QPg\"><div class=\"nectar-blocks-column__wrapper parent-block-block-1CNFZk0QPg\"><div class=\"nectar-blocks-column__inner nectar-blocks-column__content-wrap parent-block-block-1CNFZk0QPg\"><style id=\"nectar-blocks-text-css\">span.nectar-blocks-text{display:block}.nectar-blocks-text{background-size:cover;transition:background-color .25s ease,color .25s ease}.nectar-blocks-text *{text-indent:0}.nectar-blocks-text__inner{position:relative}.nectar-blocks-text__fit-text{display:inline-block;white-space:nowrap}.nectar-blocks-text.text-animation--reveal .line,.nectar-blocks-text.text-animation--reveal .word{clip-path:inset(0 -10px)}.nectar-blocks-text.text-animation--target-character .word{display:inline-block;white-space:nowrap}.nectar-blocks-text.doing-text-animation .nectar-blocks-text__highlight svg{opacity:0}.nectar-blocks-text.doing-text-animation .nectar-blocks-text__highlight--underline{background-image:none!important}.nectar-blocks-text.is-animated .line,.nectar-blocks-text.is-animated .word{clip-path:none}.nectar-blocks-text.has-fit-text,.nectar-blocks-text.has-fit-text *{letter-spacing:0}.nectar-blocks-text.has-fit-text{opacity:0}.nectar-blocks-text.has-fit-text--loaded{opacity:1}.nectar-blocks-text.has-fit-text br{display:none!important}.nectar-blocks-text.has-fit-text{line-height:.9}.nectar-blocks-text.has-fit-text [class*=text-animation--]{line-height:1.1}.nectar-blocks-text.has-fit-text{padding-left:0!important;padding-right:0!important}.nectar-blocks-text.has-text-highlight{z-index:1}.nectar-blocks-text.has-text-highlight .nectar-blocks-text__highlight{display:inline-block;line-height:1.1;position:relative}.nectar-blocks-text.has-text-highlight .nectar-blocks-text__highlight--underline{display:inline!important}.nectar-blocks-text.has-text-highlight .nectar-blocks-text__highlight svg{content:\"\";display:block;height:60%;left:0;pointer-events:none;position:absolute!important;top:70%;width:100%;z-index:-1}.nectar-blocks-text.has-text-highlight .nectar-blocks-text__highlight svg path{stroke-dasharray:1}.nectar-blocks-text.has-text-highlight.doing-text-animation:not(.has-fit-text) .nectar-blocks-text__highlight{line-height:inherit}@media only screen and (min-width:1025px){.nectar-blocks-text.text-animation--desktop.pre-animated{opacity:0!important}.nectar-blocks-text.text-animation--desktop.has-text-highlight-animation .nectar-blocks-text__highlight svg path{opacity:0;stroke-dashoffset:1}}@media only screen and (max-width:1024px)and (min-width:768px){.nectar-blocks-text.text-animation--tablet.pre-animated{opacity:0!important}.nectar-blocks-text.text-animation--tablet.has-text-highlight-animation .nectar-blocks-text__highlight svg path{opacity:0;stroke-dashoffset:1}}@media only screen and (max-width:767px){.nectar-blocks-text.text-animation--mobile.pre-animated{opacity:0!important}.nectar-blocks-text.text-animation--mobile.has-text-highlight-animation .nectar-blocks-text__highlight svg path{opacity:0;stroke-dashoffset:1}}@media(prefers-reduced-motion:reduce){.nectar-blocks-text{transition:none}.nectar-blocks-text.pre-animated{opacity:1!important}}\n<\/style>\n<h3 id=\"block-Nh7geSSi9c\" class=\"wp-block-nectar-blocks-text nectar-blocks-text nectar-font-h1\">En camino con Francisco<\/h3>\n\n\n<style id=\"nectar-blocks-flex-box-css\">.wp-block{opacity:1}.nectar-blocks-flex-box{min-width:0;position:relative;transition:all .25s ease}.nectar-blocks-flex-box>a{color:inherit}.nectar-blocks-flex-box.nectar-blocks-flex-box__inner.nectar-blocks-flex-box__wrapper{height:auto;width:auto}.nectar-blocks-flex-box.nectar-l1{box-sizing:border-box}.nectar-blocks-flex-box.nectar-l3>.nectar-blocks-flex-box__wrapper>.nectar-blocks-flex-box__inner{position:static}.nectar-blocks-flex-box.nectar-l3>.nectar-blocks-flex-box__wrapper:has(>.nectar__bg-layers>*){z-index:0}.nectar-blocks-flex-box.nectar-l3>.nectar-blocks-flex-box__wrapper:has(>.nectar__bg-layers>*)>.nectar__bg-layers{z-index:-1}.nectar-blocks-flex-box .nectar-blocks-text{margin-bottom:0}.nectar-blocks-flex-box__wrapper{height:100%;min-height:inherit;position:relative;transition:all .25s ease}.nectar-blocks-flex-box__wrapper>.nectar__bg-layers{border-radius:inherit;transition:none}.nectar-blocks-flex-box__inner{box-sizing:border-box;height:100%;min-height:inherit;position:relative;transition:all .25s ease;width:100%}.nectar-blocks-flex-box__content-wrap{display:flex;flex-direction:column;height:100%;width:100%}.nectar-blocks-flex-box__link-overlay{background:#0000;color:inherit;display:block;inset:0;position:absolute;z-index:10}\n<\/style>\n<div class=\"wp-block-nectar-blocks-flex-box nectar-block nectar-blocks-flex-box nectar-blocks-flex-box__inner nectar-blocks-flex-box__wrapper parent-block-block-GTYZqNx7G8\" id=\"block-GTYZqNx7G8\">\n<p id=\"block-OZ4oJEyG0d\" class=\"wp-block-nectar-blocks-text nectar-blocks-text\">21-24 de mayo de 2026<\/p>\n\n\n\n<p id=\"block-ew0dGeJmR1\" class=\"wp-block-nectar-blocks-text nectar-blocks-text nectar-font-body\">24-27 de septiembre de 2026<\/p>\n\n\n<style id=\"nectar-blocks-button-css\">.wp-block{opacity:1}.nectar-blocks-button{display:flex;line-height:0;position:relative}.nectar-blocks-button .nectar-component__icon{line-height:0}.nectar-blocks-button .nectar-component__icon__img{height:1.2em;width:auto}.nectar-blocks-button .nectar-component__icon.icon-source--lucide svg path{fill:none}.nectar-blocks-button .nectar-component__icon svg{height:1.2em;width:auto}.nectar-blocks-button .nectar-component__icon svg path{fill:currentcolor}.nectar-blocks-button__icon{line-height:0}.nectar-blocks-button__icon svg{height:1em;width:auto}.nectar-blocks-button .nectar__bg-layers{border-radius:0;pointer-events:none}.nectar-blocks-button .nectar__link{align-items:center;color:inherit;display:flex;gap:.5em;justify-content:center;line-height:1;position:relative;text-decoration:none;transition:all .25s ease}.nectar-blocks-button>div.nectar-blocks-button__inner{transition:all .25s ease}@media(prefers-reduced-motion:reduce){.nectar-blocks-button .nectar-blocks-button__text,.nectar-blocks-button .nectar-blocks-button__text__inner,.nectar-blocks-button .nectar-blocks-button__text__inner:after,.nectar-blocks-button .nectar__link,.nectar-blocks-button>div.nectar-blocks-button__inner{transition:none!important}.nectar-blocks-button .hover .nectar-blocks-button__icon svg>g path,.nectar-blocks-button .hover .nectar-blocks-button__icon svg>path,.nectar-blocks-button .hover svg{animation:none!important}.nectar-blocks-button .hover .char{animation:none!important;opacity:1!important;transform:none!important}}\n<\/style>\n<div class=\"wp-block-nectar-blocks-button nectar-blocks-button nectar-font-label\" id=\"block-BbVQdmlpyP\"><a href=\"#iscrizioni\" class=\"nectar__link nectar-blocks-button__inner\"><span class=\"nectar-blocks-button__text\">Inscr\u00edbase<\/span><span class=\"nectar-component__icon icon-source--remix\"><svg role=\"none\" viewBox=\"0 0 24 24\" fill=\"currentColor\" xmlns=\"http:\/\/www.w3.org\/2000\/svg\"><path d=\"M16.1716 10.9999L10.8076 5.63589L12.2218 4.22168L20 11.9999L12.2218 19.778L10.8076 18.3638L16.1716 12.9999H4V10.9999H16.1716Z\"\/><\/svg><\/span><\/a><\/div>\n<\/div>\n<\/div><\/div><\/div>\n\n\n\n<div class=\"wp-block-nectar-blocks-column nectar-blocks-column nectar-block\" id=\"block-XXBhybTDyY\"><div class=\"nectar-blocks-column__wrapper parent-block-block-XXBhybTDyY\"><div class=\"nectar-blocks-column__inner nectar-blocks-column__content-wrap parent-block-block-XXBhybTDyY\">\n<h2 id=\"block-5wjQ7gXpyO\" class=\"wp-block-nectar-blocks-text nectar-blocks-text nectar-font-h2\"><strong><strong>Una invitaci\u00f3n abierta a todos aquellos que deseen emprender un camino de<\/strong> conocimiento de Francisco de As\u00eds. <\/strong><\/h2>\n\n\n\n<h2 id=\"block-axvbe9cbv6\" class=\"wp-block-nectar-blocks-text nectar-blocks-text nectar-font-body\">Descubra una nueva forma de vivir la vida como un camino, con mayor conciencia y un enfoque m\u00e1s profundo e integral. Este recorrido le invita a un encuentro personal y fraterno con Dios (Creador), con usted mismo, con los dem\u00e1s y con la naturaleza (lo creado), nuestra casa com\u00fan.  <br\/>Vivir la vida cotidiana como un camino le transforma en un peregrino de esperanza.<\/h2>\n\n\n\n<p id=\"block-3AWGAszXVK\" class=\"wp-block-nectar-blocks-text nectar-blocks-text\">\u201cEn camino con Francisco\u201d es un itinerario formativo que apoya su camino interior, integrando las dimensiones f\u00edsica, psicol\u00f3gica y espiritual. Tal como le sucedi\u00f3 a Francisco de As\u00eds, este recorrido le ayuda a intuir, saber y comprender su \u201cSue\u00f1o de Dios para m\u00ed\u201d. <\/p>\n\n\n\n<h2 id=\"block-mZ7B9EAL8Y\" class=\"wp-block-nectar-blocks-text nectar-blocks-text nectar-font-body\">El programa \u201cEn camino con Francisco\u201d se divide en tres m\u00f3dulos, y es recomendable comenzar por el primero.<\/h2>\n\n\n\n<div class=\"wp-block-nectar-blocks-flex-box nectar-block nectar-blocks-flex-box nectar-blocks-flex-box__inner nectar-blocks-flex-box__wrapper parent-block-block-O7ohrGwBYu\" id=\"block-O7ohrGwBYu\">\n<p id=\"block-stb9Swtbed\" class=\"wp-block-nectar-blocks-text nectar-blocks-text\"><strong>Informaci\u00f3n<\/strong><\/p>\n\n\n<style id=\"nectar-blocks-icon-list-css\">.nectar-blocks-icon-list{display:flex;justify-content:space-between}.nectar-blocks-icon-list__inner{align-items:flex-start;display:flex;flex-direction:column;gap:var(--icon-list-v-space,10px);transition:all .25s ease}.nectar-blocks-icon-list__inner .nectar-component__icon{color:var(--icon-list-icon-color,inherit);line-height:0;margin:var(--icon-list-icon-margin,0)}.nectar-blocks-icon-list__inner .nectar-component__icon__img{height:var(--icon-list-icon-size,1.2em);width:auto}.nectar-blocks-icon-list__inner .nectar-component__icon.icon-source--lucide svg path{fill:none}.nectar-blocks-icon-list__inner .nectar-component__icon svg{height:var(--icon-list-icon-size,1.2em);width:auto}.nectar-blocks-icon-list__inner .nectar-component__icon svg path{fill:currentcolor}\n<\/style>\n<div class=\"wp-block-nectar-blocks-icon-list nectar-blocks-icon-list\" id=\"block-FapPTyXkZW\"><div class=\"nectar-blocks-icon-list__inner nectar-font-body parent-block-FapPTyXkZW\"><style id=\"nectar-blocks-icon-list-item-css\">.nectar-blocks-icon-list-item,.nectar-blocks-icon-list-item>a{align-items:var(--icon-list-icon-v-alignment,center);display:flex;flex-direction:var(--icon-list-icon-alignment,row);gap:var(--icon-list-icon-gap,.5em);transition:all .25s ease;width:100%}.nectar-blocks-icon-list-item>a{color:inherit}.nectar-blocks-icon-list-item__content{display:flex;flex-direction:column;gap:var(--icon-list-description-gap,0)}.nectar-blocks-icon-list-item__content a,.nectar-blocks-icon-list-item__content em,.nectar-blocks-icon-list-item__content i,.nectar-blocks-icon-list-item__content strong{display:contents}\n<\/style>\n<div class=\"wp-block-nectar-blocks-icon-list-item nectar-blocks-icon-list-item\" id=\"block-tSGXKwV52t\"><span class=\"nectar-component__icon icon-source--remix\"><svg role=\"none\" xmlns=\"http:\/\/www.w3.org\/2000\/svg\" viewbox=\"0 0 24 24\" fill=\"currentColor\"><path d=\"M12 22C17.5228 22 22 17.5228 22 12C22 6.47715 17.5228 2 12 2C6.47715 2 2 6.47715 2 12C2 17.5228 6.47715 22 12 22Z\"><\/path><\/svg><\/span><div class=\"nectar-blocks-icon-list-item__content\">Desde la cena del primer d\u00eda hasta el almuerzo del \u00faltimo<\/div><\/div>\n\n\n\n<div class=\"wp-block-nectar-blocks-icon-list-item nectar-blocks-icon-list-item\" id=\"block-31eQiR1LKb\"><span class=\"nectar-component__icon icon-source--remix\"><svg role=\"none\" xmlns=\"http:\/\/www.w3.org\/2000\/svg\" viewbox=\"0 0 24 24\" fill=\"currentColor\"><path d=\"M12 22C17.5228 22 22 17.5228 22 12C22 6.47715 17.5228 2 12 2C6.47715 2 2 6.47715 2 12C2 17.5228 6.47715 22 12 22Z\"><\/path><\/svg><\/span><div class=\"nectar-blocks-icon-list-item__content\">30,00 \u20ac por persona &#8211; inscripci\u00f3n <\/div><\/div>\n\n\n\n<div class=\"wp-block-nectar-blocks-icon-list-item nectar-blocks-icon-list-item\" id=\"block-Spm5HmoFrQ\"><span class=\"nectar-component__icon icon-source--remix\"><svg role=\"none\" xmlns=\"http:\/\/www.w3.org\/2000\/svg\" viewbox=\"0 0 24 24\" fill=\"currentColor\"><path d=\"M12 22C17.5228 22 22 17.5228 22 12C22 6.47715 17.5228 2 12 2C6.47715 2 2 6.47715 2 12C2 17.5228 6.47715 22 12 22Z\"><\/path><\/svg><\/span><div class=\"nectar-blocks-icon-list-item__content\">198,00 \u20ac por persona &#8211; alojamiento y manutenci\u00f3n<\/div><\/div>\n<\/div><\/div>\n<\/div>\n\n\n\n<div class=\"wp-block-nectar-blocks-flex-box nectar-block nectar-blocks-flex-box nectar-aspect-ratio--16-9 nectar-aspect-ratio\" id=\"block-EtRC0A6CYM\"><div class=\"nectar-blocks-flex-box__wrapper parent-block-block-EtRC0A6CYM\"><div class=\"nectar__bg-layers parent-block-block-EtRC0A6CYM\"><div class=\"nectar__bg-layer nectar__bg-image lazy-load-bg\"><\/div><\/div><div class=\"nectar-blocks-flex-box__inner parent-block-block-EtRC0A6CYM\"><\/div><\/div><\/div>\n\n\n<style id=\"nectar-blocks-accordion-css\">.nectar-blocks-accordion__inner{display:flex;flex-direction:column;gap:var(--accordion-nav-item-gap,0)}\n<\/style>\n<div class=\"wp-block-nectar-blocks-accordion nectar-blocks-accordion\" data-starting-accordion=\"-1\" id=\"block-LDjxKHfnZW\"><div class=\"nectar-blocks-accordion__inner parent-block-LDjxKHfnZW\"><style id=\"nectar-blocks-accordion-section-css\">.nectar-blocks-accordion-section{cursor:pointer;overflow:hidden;transition:all .2s ease}.nectar-blocks-accordion-section .nectar-blocks-text{margin-bottom:0}.nectar-blocks-accordion-section__title{margin-bottom:0;padding-left:0;padding-right:0}.nectar-blocks-accordion-section__title,.nectar-blocks-accordion-section__title:is(h1,h2,h3,h4,h5,h6)>button{align-items:center;background:none;border:none;color:inherit;cursor:pointer;display:flex;gap:var(--accordion-icon-gap,.3em);text-align:left;transition:all .2s ease;width:100%}.nectar-blocks-accordion-section__title:is(h1,h2,h3,h4,h5,h6)>button{font:inherit;margin:0;padding:0}.nectar-blocks-accordion-section__title__indicator{align-self:center;display:flex;justify-content:center;line-height:1;margin-left:auto;padding-left:1em}.nectar-blocks-accordion-section__title__indicator svg{transition:transform .5s ease}.nectar-blocks-accordion-section__title__indicator .arrow{bottom:auto;height:calc(20px*var(--accordion-indicator-size, 1));margin-left:0;position:relative;width:calc(20px*var(--accordion-indicator-size, 1))}.nectar-blocks-accordion-section__title__indicator .default{height:calc(14px*var(--accordion-indicator-size, 1));width:calc(14px*var(--accordion-indicator-size, 1))}.nectar-blocks-accordion-section__title__indicator .default line{stroke-width:2px;transform-origin:center;transition:transform .5s ease}.nectar-blocks-accordion-section__title .nectar-component__icon{line-height:0}.nectar-blocks-accordion-section__title .nectar-component__icon__img{height:var(--accordion-icon-size,1.2em);width:auto}.nectar-blocks-accordion-section__title .nectar-component__icon.icon-source--lucide svg path{fill:none}.nectar-blocks-accordion-section__title .nectar-component__icon svg{height:var(--accordion-icon-size,1.2em);width:auto}.nectar-blocks-accordion-section__title .nectar-component__icon svg path{fill:currentcolor}.nectar-blocks-accordion-section__content{cursor:auto;display:flex;flex-direction:column;gap:var(--accordion-content-gap,0);max-height:0;overflow:hidden;transition:max-height .7s cubic-bezier(0,.2,.1,1),margin .7s cubic-bezier(0,.2,.1,1)}.nectar-blocks-accordion-section.is-active .nectar-blocks-accordion-section__title__indicator .arrow,.nectar-blocks-accordion-section.is-active .nectar-blocks-accordion-section__title__indicator .default{transform:rotate(90deg)}.nectar-blocks-accordion-section.is-active .nectar-blocks-accordion-section__title__indicator .default line:nth-child(2){transform:scaleX(0)}.nectar-blocks-accordion-section.is-active .nectar-blocks-accordion-section__content{margin-top:20px;max-height:500px}\n<\/style>\n<div class=\"wp-block-nectar-blocks-accordion-section nectar-block nectar-blocks-accordion-section\" id=\"block-Kzprb6fRIK\"><button type=\"button\" class=\"nectar-blocks-accordion-section__title nectar-font-h6\"><span class=\"nectar-blocks-accordion-section__title__text\">I m\u00f3dulo: Palabras que generan paz. Para una comunicaci\u00f3n sana a la luz del carisma franciscano <\/span><span class=\"nectar-blocks-accordion-section__title__indicator\"><svg role=\"none\" xmlns=\"http:\/\/www.w3.org\/2000\/svg\" viewBox=\"0 0 24 24\" class=\"arrow\" fill=\"currentColor\"><path d=\"M13.1717 12.0007L8.22192 7.05093L9.63614 5.63672L16.0001 12.0007L9.63614 18.3646L8.22192 16.9504L13.1717 12.0007Z\"><\/path><\/svg><\/span><\/button><div class=\"nectar-blocks-accordion-section__content parent-block-block-Kzprb6fRIK\">\n\n<p id=\"block-wfOGVAllO9\" class=\"wp-block-nectar-blocks-text nectar-blocks-text\">Desde el jueves por la tarde hasta el domingo por la ma\u00f1ana, en el monte Alvernia, viviremos un camino reflexivo y meditativo para favorecer una mirada contemplativa, para redescubrir la relaci\u00f3n con nosotros mismos, con los dem\u00e1s, con la naturaleza y con el Creador, siguiendo las huellas de San Francisco de As\u00eds, un hombre que crea una relaci\u00f3n regeneradora.<\/p>\n\n\n<p id=\"block-p6oT7nXcSn\" class=\"wp-block-nectar-blocks-text nectar-blocks-text\">Programa del retiro<\/p>\n\n\n<ul class=\"wp-block-list\">\n\n<li><strong>Excursiones por los bosques<\/strong> del Santuario de la Verna (m\u00e1x. 2 horas, por senderos f\u00e1ciles; traer botas de monta\u00f1a, chubasquero, bastones de trekking).<\/li>\n\n\n<li><strong>Catequesis y reflexiones<\/strong> dedicadas a la espiritualidad franciscana.<\/li>\n\n\n<li><strong>Celebraciones lit\u00fargicas y momentos de oraci\u00f3n comunitaria<\/strong> con los frailes del Santuario.<\/li>\n\n\n<li><strong>Visitas guiadas<\/strong> a los lugares m\u00e1s significativos de la Verna.<\/li>\n\n\n<li><strong>Espacios de intercambio y reflexi\u00f3n personal<\/strong> para una experiencia profunda y regeneradora.<\/li>\n\n<\/ul>\n\n\n<div class=\"wp-block-nectar-blocks-button nectar-blocks-button nectar-font-label\" id=\"block-5WzRJLESRW\"><a href=\"https:\/\/www.laverna.it\/v25\/wp-content\/uploads\/2026\/02\/In-cammino-con-Francesco-maggio-2026.pdf\" class=\"nectar__link nectar-blocks-button__inner\"><span class=\"nectar-blocks-button__text\">Descubra el programa<\/span><span class=\"nectar-component__icon icon-source--remix\"><svg role=\"none\" viewbox=\"0 0 24 24\" fill=\"currentColor\" xmlns=\"http:\/\/www.w3.org\/2000\/svg\"><path d=\"M21 8V20.9932C21 21.5501 20.5552 22 20.0066 22H3.9934C3.44495 22 3 21.556 3 21.0082V2.9918C3 2.45531 3.4487 2 4.00221 2H14.9968L21 8ZM19 9H14V4H5V20H19V9ZM8 7H11V9H8V7ZM8 11H16V13H8V11ZM8 15H16V17H8V15Z\"><\/path><\/svg><\/span><\/a><\/div>\n\n<\/div><\/div>\n\n\n\n<div class=\"wp-block-nectar-blocks-accordion-section nectar-block nectar-blocks-accordion-section\" id=\"block-QrCNGjDLit\"><button type=\"button\" class=\"nectar-blocks-accordion-section__title nectar-font-h6\"><span class=\"nectar-blocks-accordion-section__title__text\">II m\u00f3dulo: <strong>Repensar nuestro cuerpo a la luz de la encarnaci\u00f3n<\/strong><\/span><span class=\"nectar-blocks-accordion-section__title__indicator\"><svg role=\"none\" xmlns=\"http:\/\/www.w3.org\/2000\/svg\" viewBox=\"0 0 24 24\" class=\"arrow\" fill=\"currentColor\"><path d=\"M13.1717 12.0007L8.22192 7.05093L9.63614 5.63672L16.0001 12.0007L9.63614 18.3646L8.22192 16.9504L13.1717 12.0007Z\"><\/path><\/svg><\/span><\/button><div class=\"nectar-blocks-accordion-section__content parent-block-block-QrCNGjDLit\">\n\n<p id=\"block-Po2vzcSJvA\" class=\"wp-block-nectar-blocks-text nectar-blocks-text\">El cristianismo no es la religi\u00f3n que supera el cuerpo, sino aquella en la que Dios tiene un cuerpo y el hombre encuentra en su cuerpo el lugar de comunicaci\u00f3n con \u00c9l y con los dem\u00e1s.<\/p>\n\n\n<p id=\"block-J9frKXU8gP\" class=\"wp-block-nectar-blocks-text nectar-blocks-text\">Este retiro ser\u00e1 la oportunidad para redescubrir:<\/p>\n\n\n<p id=\"block-YUzmcRHb6k\" class=\"wp-block-nectar-blocks-text nectar-blocks-text\">&#8211; el cuerpo como lugar de experiencia de Dios, no como un l\u00edmite del esp\u00edritu;<\/p>\n\n\n<p id=\"block-jH3imo4hIh\" class=\"wp-block-nectar-blocks-text nectar-blocks-text\">&#8211; la encarnaci\u00f3n no solo como un evento del pasado, sino como una clave interpretativa (existencial y espiritual) para comprender la dignidad y la vocaci\u00f3n del cuerpo humano;<\/p>\n\n\n<p id=\"block-8IqflmV19K\" class=\"wp-block-nectar-blocks-text nectar-blocks-text\">&#8211; la reconciliaci\u00f3n y la purificaci\u00f3n de las fortalezas y debilidades del cuerpo, para permitir su resurrecci\u00f3n.<\/p>\n\n\n<div class=\"wp-block-nectar-blocks-button nectar-blocks-button nectar-font-label\" id=\"block-ZJsCaHZ1vR\"><a href=\"https:\/\/www.laverna.it\/v25\/wp-content\/uploads\/2026\/03\/Camminando-con-Francesco-II.pdf\" class=\"nectar__link nectar-blocks-button__inner\"><span class=\"nectar-blocks-button__text\">Descubra el programa<\/span><span class=\"nectar-component__icon icon-source--remix\"><svg role=\"none\" viewbox=\"0 0 24 24\" fill=\"currentColor\" xmlns=\"http:\/\/www.w3.org\/2000\/svg\"><path d=\"M21 8V20.9932C21 21.5501 20.5552 22 20.0066 22H3.9934C3.44495 22 3 21.556 3 21.0082V2.9918C3 2.45531 3.4487 2 4.00221 2H14.9968L21 8ZM19 9H14V4H5V20H19V9ZM8 7H11V9H8V7ZM8 11H16V13H8V11ZM8 15H16V17H8V15Z\"><\/path><\/svg><\/span><\/a><\/div>\n\n<\/div><\/div>\n\n\n\n<div class=\"wp-block-nectar-blocks-accordion-section nectar-block nectar-blocks-accordion-section\" id=\"block-U7fBdRQ1f5\"><button type=\"button\" class=\"nectar-blocks-accordion-section__title nectar-font-h6\"><span class=\"nectar-blocks-accordion-section__title__text\">III m\u00f3dulo: Buscando el sue\u00f1o de Dios para m\u00ed<\/span><span class=\"nectar-blocks-accordion-section__title__indicator\"><svg role=\"none\" xmlns=\"http:\/\/www.w3.org\/2000\/svg\" viewBox=\"0 0 24 24\" class=\"arrow\" fill=\"currentColor\"><path d=\"M13.1717 12.0007L8.22192 7.05093L9.63614 5.63672L16.0001 12.0007L9.63614 18.3646L8.22192 16.9504L13.1717 12.0007Z\"><\/path><\/svg><\/span><\/button><div class=\"nectar-blocks-accordion-section__content parent-block-block-U7fBdRQ1f5\">\n\n<p id=\"block-8kJQ0wCdcI\" class=\"wp-block-nectar-blocks-text nectar-blocks-text\">Encuentro formativo y espiritual en As\u00eds, una experiencia de convivencia fraterna desde el jueves por la tarde hasta el domingo despu\u00e9s del almuerzo, en la acogedora casa de las religiosas del Ni\u00f1o Jes\u00fas. <\/p>\n\n\n<p id=\"block-CxfvvXECTV\" class=\"wp-block-nectar-blocks-text nectar-blocks-text\">Durante el recorrido realizaremos una caminata urbana por los principales santuarios franciscanos de As\u00eds, sumergi\u00e9ndonos en la historia, el arte y el legado espiritual de San Francisco de As\u00eds. Cada etapa ser\u00e1 una ocasi\u00f3n para reflexionar sobre los sue\u00f1os que guiaron la vida del santo y comprender c\u00f3mo estas ense\u00f1anzas pueden iluminar nuestro camino de discernimiento, reconciliaci\u00f3n y conversi\u00f3n, en busca del verdadero sue\u00f1o de Dios para nosotros. <\/p>\n\n\n<p id=\"block-aeSaGyNqvZ\" class=\"wp-block-nectar-blocks-text nectar-blocks-text\">Programa<\/p>\n\n\n<ul class=\"wp-block-list\">\n\n<li>Paseos guiados por los santuarios franciscanos m\u00e1s significativos.<\/li>\n\n\n<li>Momentos de oraci\u00f3n y reflexi\u00f3n personal.<\/li>\n\n\n<li>Profundizaci\u00f3n en la vida y el camino espiritual de San Francisco.<\/li>\n\n<\/ul>\n\n\n<p id=\"block-rOPBcxVMSC\" class=\"wp-block-nectar-blocks-text nectar-blocks-text\">Traer consigo:<\/p>\n\n\n<ul class=\"wp-block-list\">\n\n<li>Calzado c\u00f3modo para caminar<\/li>\n\n\n<li>Chubasquero y paraguas<\/li>\n\n\n<li>Mochila peque\u00f1a y libreta para notas<\/li>\n\n<\/ul>\n\n<\/div><\/div>\n<\/div><\/div>\n\n\n<style id=\"nectar-blocks-row-css\">.nectar-blocks-row.nectar-blocks-row__inner.nectar-blocks-row__wrapper{height:auto}.nectar-blocks-row.nectar-blocks-row__inner.nectar-blocks-row__wrapper:not(.alignfull){width:auto}.nectar-blocks-row.nectar-l1{align-items:stretch;box-sizing:border-box;display:flex;flex-direction:row;flex-wrap:nowrap;gap:var(--column-gap)}.nectar-blocks-row.nectar-l1:not(.alignfull){width:auto}@media only screen and (max-width:1024px)and (min-width:768px){.nectar-blocks-row.nectar-l1:not(.is-horizontal-tablet)>.nectar-blocks-column{flex:auto!important}}@media only screen and (max-width:767px){.nectar-blocks-row.nectar-l1:not(.is-horizontal-phone)>.nectar-blocks-column{flex:auto!important}}.nectar-blocks-row__wrapper{height:100%;min-height:inherit;position:relative;transition:all .25s ease;width:100%}.nectar-blocks-row__wrapper>.nectar__bg-layers{border-radius:inherit;transition:none}.nectar-blocks-row{position:relative}.nectar-blocks-row.alignfull{margin-block-end:0;margin-block-start:0}.nectar-blocks-row__inner{align-items:stretch;box-sizing:border-box;display:flex;flex-direction:row;flex-wrap:nowrap;gap:var(--column-gap);height:100%;justify-content:flex-start;min-height:inherit;position:relative;width:100%}.nectar-blocks-row__inner.is-flex-wrapped>.wp-block-nectar-blocks-column{flex-basis:auto;flex-grow:0}@media only screen and (max-width:1024px)and (min-width:768px){.nectar-blocks-row__inner:not(.is-horizontal-tablet)>.nectar-blocks-column{flex:auto!important}}@media only screen and (max-width:767px){.nectar-blocks-row__inner:not(.is-horizontal-phone)>.nectar-blocks-column{flex:auto!important}}.nectar-blocks-row__inner.is-contained-content{margin-left:auto!important;margin-right:auto!important;max-width:var(--wp--style--global--content-size,1300px);padding-left:var(--wp--style--root--padding-left,50px);padding-right:var(--wp--style--root--padding-right,50px)}.nectar__bg-shape{pointer-events:none}.nectar__bg-shape.position-top{transform:rotateX(180deg)}.nectar__bg-shape.position-bottom,.nectar__bg-shape.position-top{display:flex;flex-direction:column;justify-content:flex-end}.nectar__bg-shape.position-both{display:flex;flex-direction:column;justify-content:space-between}.nectar__bg-shape.position-both svg:first-child{transform:rotateX(180deg)}.nectar__bg-shape.align-outside svg{position:relative}.nectar__bg-shape.align-outside.position-bottom svg,.nectar__bg-shape.align-outside.position-top svg{transform:translateY(calc(100% - 1px)) rotateX(180deg)}.nectar__bg-shape.align-outside.shape-curve_asymmetrical.position-bottom svg,.nectar__bg-shape.align-outside.shape-curve_asymmetrical.position-top svg,.nectar__bg-shape.align-outside.shape-tilt.position-bottom svg,.nectar__bg-shape.align-outside.shape-tilt.position-top svg{transform:translateY(100%) rotateX(180deg)}.nectar__bg-shape.align-outside.position-both svg:first-child{transform:translateY(-100%)}.nectar__bg-shape.align-outside.position-both svg:last-child{transform:translateY(100%) rotateX(180deg)}.nectar__bg-shape.shape-rounded svg{border-radius:1em 1em 0 0}.nectar__bg-shape svg{width:100%}\n<\/style>\n<div class=\"wp-block-nectar-blocks-row nectar-block nectar-blocks-row nectar-blocks-row__inner nectar-blocks-row__wrapper parent-block-iscrizioni\" id=\"iscrizioni\">\n<div class=\"wp-block-nectar-blocks-column nectar-blocks-column nectar-block\" id=\"block-2Tj96rliKJ\"><div class=\"nectar-blocks-column__inner nectar-blocks-column__content-wrap parent-block-block-2Tj96rliKJ nectar-blocks-column__wrapper\">\n<div class=\"wp-block-nectar-blocks-flex-box nectar-block nectar-blocks-flex-box nectar-blocks-flex-box__inner nectar-blocks-flex-box__wrapper parent-block-block-co8hOOiife iscrizioni\" id=\"block-co8hOOiife\">\n<p id=\"block-9FinG8LpYv\" class=\"wp-block-nectar-blocks-text nectar-blocks-text\"><strong>Para inscribirse bastar\u00e1 con completar el formulario<\/strong><\/p>\n\n\n\n<div class=\"wp-block-nectar-blocks-button nectar-blocks-button nectar-font-label popmake-2509\" id=\"block-xZotJqmodj\"><a href=\"#\" class=\"nectar__link nectar-blocks-button__inner\"><span class=\"nectar-blocks-button__text\">Complete el formulario<\/span><span class=\"nectar-component__icon icon-source--remix\"><svg role=\"none\" viewBox=\"0 0 24 24\" fill=\"currentColor\" xmlns=\"http:\/\/www.w3.org\/2000\/svg\"><path d=\"M16.1716 10.9999L10.8076 5.63589L12.2218 4.22168L20 11.9999L12.2218 19.778L10.8076 18.3638L16.1716 12.9999H4V10.9999H16.1716Z\"\/><\/svg><\/span><\/a><\/div>\n<\/div>\n<\/div><\/div>\n<\/div>\n<\/div><\/div><\/div>\n<\/div>\n","protected":false},"excerpt":{"rendered":"","protected":false},"featured_media":2532,"comment_status":"open","ping_status":"closed","template":"","meta":{"_nectar_blocks_hide_post_title":true,"_nectar_blocks_transparent_header_effect":false,"_nectar_blocks_transparent_header_effect_color":"light","_nectar_blocks_header_animation":false,"_nectar_blocks_header_animation_delay":0,"_nectar_blocks_header_animation_effect":"fade","_nectar_blocks_page_css":"","_nectar_blocks_page_js":"","_nectar_portfolio_client":"","_nectar_portfolio_date":"","_nectar_portfolio_project_link":"","_nectar_portfolio_video":{"source":{"id":null,"url":""}},"_nectar_portfolio_description":"Un invito aperto a tutti coloro che desiderano intraprendere un percorso di conoscenza di Francesco D\u2019Assisi. ","_nectar_portfolio_project_url":""},"portfolio_category":[43],"portfolio_tag":[],"class_list":["post-2530","nectar_portfolio","type-nectar_portfolio","status-publish","has-post-thumbnail","portfolio_category-retiros-espirituales"],"yoast_head":"<!-- This site is optimized with the Yoast SEO plugin v28.3 - https:\/\/yoast.com\/product\/yoast-seo-wordpress\/ -->\n<title>En camino con Francisco - La Verna<\/title>\n<meta name=\"description\" content=\"Una invitaci\u00f3n abierta a todos aquellos que deseen emprender un camino de conocimiento de Francisco de As\u00eds.\" \/>\n<meta name=\"robots\" content=\"index, follow, max-snippet:-1, max-image-preview:large, max-video-preview:-1\" \/>\n<link rel=\"canonical\" href=\"https:\/\/www.laverna.it\/es\/iniziativa\/en-camino-con-francisco\/\" \/>\n<meta property=\"og:locale\" content=\"es_ES\" \/>\n<meta property=\"og:type\" content=\"article\" \/>\n<meta property=\"og:title\" content=\"En camino con Francisco - La Verna\" \/>\n<meta property=\"og:description\" content=\"Una invitaci\u00f3n abierta a todos aquellos que deseen emprender un camino de conocimiento de Francisco de As\u00eds.\" \/>\n<meta property=\"og:url\" content=\"https:\/\/www.laverna.it\/es\/iniziativa\/en-camino-con-francisco\/\" \/>\n<meta property=\"og:site_name\" content=\"La Verna\" \/>\n<meta property=\"article:publisher\" content=\"https:\/\/www.facebook.com\/lavernasantuario\" \/>\n<meta property=\"article:modified_time\" content=\"2026-03-02T16:46:20+00:00\" \/>\n<meta property=\"og:image\" content=\"https:\/\/www.laverna.it\/v25\/wp-content\/uploads\/2025\/09\/LD_2_in_cammino_con_francesco.jpg\" \/>\n\t<meta property=\"og:image:width\" content=\"864\" \/>\n\t<meta property=\"og:image:height\" content=\"800\" \/>\n\t<meta property=\"og:image:type\" content=\"image\/jpeg\" \/>\n<meta name=\"twitter:card\" content=\"summary_large_image\" \/>\n<meta name=\"twitter:label1\" content=\"Est. reading time\" \/>\n\t<meta name=\"twitter:data1\" content=\"4 minutes\" \/>\n<script type=\"application\/ld+json\" class=\"yoast-schema-graph\">{\"@context\":\"https:\\\/\\\/schema.org\",\"@graph\":[{\"@type\":\"WebPage\",\"@id\":\"https:\\\/\\\/www.laverna.it\\\/es\\\/iniziativa\\\/en-camino-con-francisco\\\/\",\"url\":\"https:\\\/\\\/www.laverna.it\\\/es\\\/iniziativa\\\/en-camino-con-francisco\\\/\",\"name\":\"En camino con Francisco - La Verna\",\"isPartOf\":{\"@id\":\"https:\\\/\\\/www.laverna.it\\\/es\\\/#website\"},\"primaryImageOfPage\":{\"@id\":\"https:\\\/\\\/www.laverna.it\\\/es\\\/iniziativa\\\/en-camino-con-francisco\\\/#primaryimage\"},\"image\":{\"@id\":\"https:\\\/\\\/www.laverna.it\\\/es\\\/iniziativa\\\/en-camino-con-francisco\\\/#primaryimage\"},\"thumbnailUrl\":\"https:\\\/\\\/www.laverna.it\\\/v25\\\/wp-content\\\/uploads\\\/2025\\\/09\\\/LD_2_in_cammino_con_francesco.jpg\",\"datePublished\":\"2025-09-22T10:58:08+00:00\",\"dateModified\":\"2026-03-02T16:46:20+00:00\",\"description\":\"Una invitaci\u00f3n abierta a todos aquellos que deseen emprender un camino de conocimiento de Francisco de As\u00eds.\",\"breadcrumb\":{\"@id\":\"https:\\\/\\\/www.laverna.it\\\/es\\\/iniziativa\\\/en-camino-con-francisco\\\/#breadcrumb\"},\"inLanguage\":\"es-ES\",\"potentialAction\":[{\"@type\":\"ReadAction\",\"target\":[\"https:\\\/\\\/www.laverna.it\\\/es\\\/iniziativa\\\/en-camino-con-francisco\\\/\"]}]},{\"@type\":\"ImageObject\",\"inLanguage\":\"es-ES\",\"@id\":\"https:\\\/\\\/www.laverna.it\\\/es\\\/iniziativa\\\/en-camino-con-francisco\\\/#primaryimage\",\"url\":\"https:\\\/\\\/www.laverna.it\\\/v25\\\/wp-content\\\/uploads\\\/2025\\\/09\\\/LD_2_in_cammino_con_francesco.jpg\",\"contentUrl\":\"https:\\\/\\\/www.laverna.it\\\/v25\\\/wp-content\\\/uploads\\\/2025\\\/09\\\/LD_2_in_cammino_con_francesco.jpg\",\"width\":864,\"height\":800},{\"@type\":\"BreadcrumbList\",\"@id\":\"https:\\\/\\\/www.laverna.it\\\/es\\\/iniziativa\\\/en-camino-con-francisco\\\/#breadcrumb\",\"itemListElement\":[{\"@type\":\"ListItem\",\"position\":1,\"name\":\"Home\",\"item\":\"https:\\\/\\\/www.laverna.it\\\/es\\\/\"},{\"@type\":\"ListItem\",\"position\":2,\"name\":\"Portafolio\",\"item\":\"https:\\\/\\\/www.laverna.it\\\/es\\\/iniziativa\\\/\"},{\"@type\":\"ListItem\",\"position\":3,\"name\":\"En camino con Francisco\"}]},{\"@type\":\"WebSite\",\"@id\":\"https:\\\/\\\/www.laverna.it\\\/es\\\/#website\",\"url\":\"https:\\\/\\\/www.laverna.it\\\/es\\\/\",\"name\":\"La Verna - Santuario Francescano\",\"description\":\"Santuario Francescano\",\"publisher\":{\"@id\":\"https:\\\/\\\/www.laverna.it\\\/es\\\/#organization\"},\"potentialAction\":[{\"@type\":\"SearchAction\",\"target\":{\"@type\":\"EntryPoint\",\"urlTemplate\":\"https:\\\/\\\/www.laverna.it\\\/es\\\/?s={search_term_string}\"},\"query-input\":{\"@type\":\"PropertyValueSpecification\",\"valueRequired\":true,\"valueName\":\"search_term_string\"}}],\"inLanguage\":\"es-ES\"},{\"@type\":\"Organization\",\"@id\":\"https:\\\/\\\/www.laverna.it\\\/es\\\/#organization\",\"name\":\"La Verna\",\"url\":\"https:\\\/\\\/www.laverna.it\\\/es\\\/\",\"logo\":{\"@type\":\"ImageObject\",\"inLanguage\":\"es-ES\",\"@id\":\"https:\\\/\\\/www.laverna.it\\\/es\\\/#\\\/schema\\\/logo\\\/image\\\/\",\"url\":\"https:\\\/\\\/www.laverna.it\\\/v25\\\/wp-content\\\/uploads\\\/2025\\\/12\\\/cropped-favicon2.jpg\",\"contentUrl\":\"https:\\\/\\\/www.laverna.it\\\/v25\\\/wp-content\\\/uploads\\\/2025\\\/12\\\/cropped-favicon2.jpg\",\"width\":512,\"height\":512,\"caption\":\"La Verna\"},\"image\":{\"@id\":\"https:\\\/\\\/www.laverna.it\\\/es\\\/#\\\/schema\\\/logo\\\/image\\\/\"},\"sameAs\":[\"https:\\\/\\\/www.facebook.com\\\/lavernasantuario\",\"https:\\\/\\\/www.instagram.com\\\/laverna_santuario\\\/\"]}]}<\/script>\n<!-- \/ Yoast SEO plugin. -->","yoast_head_json":{"title":"En camino con Francisco - La Verna","description":"Una invitaci\u00f3n abierta a todos aquellos que deseen emprender un camino de conocimiento de Francisco de As\u00eds.","robots":{"index":"index","follow":"follow","max-snippet":"max-snippet:-1","max-image-preview":"max-image-preview:large","max-video-preview":"max-video-preview:-1"},"canonical":"https:\/\/www.laverna.it\/es\/iniziativa\/en-camino-con-francisco\/","og_locale":"es_ES","og_type":"article","og_title":"En camino con Francisco - La Verna","og_description":"Una invitaci\u00f3n abierta a todos aquellos que deseen emprender un camino de conocimiento de Francisco de As\u00eds.","og_url":"https:\/\/www.laverna.it\/es\/iniziativa\/en-camino-con-francisco\/","og_site_name":"La Verna","article_publisher":"https:\/\/www.facebook.com\/lavernasantuario","article_modified_time":"2026-03-02T16:46:20+00:00","og_image":[{"width":864,"height":800,"url":"https:\/\/www.laverna.it\/v25\/wp-content\/uploads\/2025\/09\/LD_2_in_cammino_con_francesco.jpg","type":"image\/jpeg"}],"twitter_card":"summary_large_image","twitter_misc":{"Est. reading time":"4 minutes"},"schema":{"@context":"https:\/\/schema.org","@graph":[{"@type":"WebPage","@id":"https:\/\/www.laverna.it\/es\/iniziativa\/en-camino-con-francisco\/","url":"https:\/\/www.laverna.it\/es\/iniziativa\/en-camino-con-francisco\/","name":"En camino con Francisco - La Verna","isPartOf":{"@id":"https:\/\/www.laverna.it\/es\/#website"},"primaryImageOfPage":{"@id":"https:\/\/www.laverna.it\/es\/iniziativa\/en-camino-con-francisco\/#primaryimage"},"image":{"@id":"https:\/\/www.laverna.it\/es\/iniziativa\/en-camino-con-francisco\/#primaryimage"},"thumbnailUrl":"https:\/\/www.laverna.it\/v25\/wp-content\/uploads\/2025\/09\/LD_2_in_cammino_con_francesco.jpg","datePublished":"2025-09-22T10:58:08+00:00","dateModified":"2026-03-02T16:46:20+00:00","description":"Una invitaci\u00f3n abierta a todos aquellos que deseen emprender un camino de conocimiento de Francisco de As\u00eds.","breadcrumb":{"@id":"https:\/\/www.laverna.it\/es\/iniziativa\/en-camino-con-francisco\/#breadcrumb"},"inLanguage":"es-ES","potentialAction":[{"@type":"ReadAction","target":["https:\/\/www.laverna.it\/es\/iniziativa\/en-camino-con-francisco\/"]}]},{"@type":"ImageObject","inLanguage":"es-ES","@id":"https:\/\/www.laverna.it\/es\/iniziativa\/en-camino-con-francisco\/#primaryimage","url":"https:\/\/www.laverna.it\/v25\/wp-content\/uploads\/2025\/09\/LD_2_in_cammino_con_francesco.jpg","contentUrl":"https:\/\/www.laverna.it\/v25\/wp-content\/uploads\/2025\/09\/LD_2_in_cammino_con_francesco.jpg","width":864,"height":800},{"@type":"BreadcrumbList","@id":"https:\/\/www.laverna.it\/es\/iniziativa\/en-camino-con-francisco\/#breadcrumb","itemListElement":[{"@type":"ListItem","position":1,"name":"Home","item":"https:\/\/www.laverna.it\/es\/"},{"@type":"ListItem","position":2,"name":"Portafolio","item":"https:\/\/www.laverna.it\/es\/iniziativa\/"},{"@type":"ListItem","position":3,"name":"En camino con Francisco"}]},{"@type":"WebSite","@id":"https:\/\/www.laverna.it\/es\/#website","url":"https:\/\/www.laverna.it\/es\/","name":"La Verna - Santuario Francescano","description":"Santuario Francescano","publisher":{"@id":"https:\/\/www.laverna.it\/es\/#organization"},"potentialAction":[{"@type":"SearchAction","target":{"@type":"EntryPoint","urlTemplate":"https:\/\/www.laverna.it\/es\/?s={search_term_string}"},"query-input":{"@type":"PropertyValueSpecification","valueRequired":true,"valueName":"search_term_string"}}],"inLanguage":"es-ES"},{"@type":"Organization","@id":"https:\/\/www.laverna.it\/es\/#organization","name":"La Verna","url":"https:\/\/www.laverna.it\/es\/","logo":{"@type":"ImageObject","inLanguage":"es-ES","@id":"https:\/\/www.laverna.it\/es\/#\/schema\/logo\/image\/","url":"https:\/\/www.laverna.it\/v25\/wp-content\/uploads\/2025\/12\/cropped-favicon2.jpg","contentUrl":"https:\/\/www.laverna.it\/v25\/wp-content\/uploads\/2025\/12\/cropped-favicon2.jpg","width":512,"height":512,"caption":"La Verna"},"image":{"@id":"https:\/\/www.laverna.it\/es\/#\/schema\/logo\/image\/"},"sameAs":["https:\/\/www.facebook.com\/lavernasantuario","https:\/\/www.instagram.com\/laverna_santuario\/"]}]}},"_links":{"self":[{"href":"https:\/\/www.laverna.it\/es\/wp-json\/wp\/v2\/nectar_portfolio\/2530","targetHints":{"allow":["GET"]}}],"collection":[{"href":"https:\/\/www.laverna.it\/es\/wp-json\/wp\/v2\/nectar_portfolio"}],"about":[{"href":"https:\/\/www.laverna.it\/es\/wp-json\/wp\/v2\/types\/nectar_portfolio"}],"replies":[{"embeddable":true,"href":"https:\/\/www.laverna.it\/es\/wp-json\/wp\/v2\/comments?post=2530"}],"wp:featuredmedia":[{"embeddable":true,"href":"https:\/\/www.laverna.it\/es\/wp-json\/wp\/v2\/media\/2532"}],"wp:attachment":[{"href":"https:\/\/www.laverna.it\/es\/wp-json\/wp\/v2\/media?parent=2530"}],"wp:term":[{"taxonomy":"portfolio_category","embeddable":true,"href":"https:\/\/www.laverna.it\/es\/wp-json\/wp\/v2\/portfolio_category?post=2530"},{"taxonomy":"portfolio_tag","embeddable":true,"href":"https:\/\/www.laverna.it\/es\/wp-json\/wp\/v2\/portfolio_tag?post=2530"}],"curies":[{"name":"wp","href":"https:\/\/api.w.org\/{rel}","templated":true}]}}